{"id":1491,"date":"2015-04-08T11:30:00","date_gmt":"2015-04-08T09:30:00","guid":{"rendered":"http:\/\/www.rcmsc.de\/cms\/?page_id=1491"},"modified":"2026-02-15T10:35:02","modified_gmt":"2026-02-15T09:35:02","slug":"vereinsmeisterschaft","status":"publish","type":"page","link":"https:\/\/www.rcmsc.de\/cms\/vereinsmeisterschaft\/","title":{"rendered":"Sommer Cup 2026"},"content":{"rendered":"\n<figure class=\"wp-block-image size-full\"><img loading=\"lazy\" decoding=\"async\" width=\"1500\" height=\"300\" src=\"https:\/\/www.rcmsc.de\/cms\/wp-content\/uploads\/2026\/02\/Sommer-Cup-2026-Banner.png\" alt=\"\" class=\"wp-image-4064\" srcset=\"https:\/\/www.rcmsc.de\/cms\/wp-content\/uploads\/2026\/02\/Sommer-Cup-2026-Banner.png 1500w, https:\/\/www.rcmsc.de\/cms\/wp-content\/uploads\/2026\/02\/Sommer-Cup-2026-Banner-300x60.png 300w, https:\/\/www.rcmsc.de\/cms\/wp-content\/uploads\/2026\/02\/Sommer-Cup-2026-Banner-1200x240.png 1200w, https:\/\/www.rcmsc.de\/cms\/wp-content\/uploads\/2026\/02\/Sommer-Cup-2026-Banner-768x154.png 768w\" sizes=\"auto, (max-width: 1500px) 100vw, 1500px\" \/><\/figure>\n\n\n\n<p>Auch in diesem Jahr richten wir neben den gr\u00f6\u00dferen Rennveranstaltungen wieder unsere eigene kleine Rennserie in Greuthof aus. \u00dcber den Sommer verteilt finden an 4 Sonntagen Rennen zum RC-MSC Greuthof Sommer Cup statt. Die Rennen werden als Meisterschaftsl\u00e4ufe gewertet &#8211; somit steht nach dem vierten Rennen im Herbst ein Sieger in jeder Klasse fest! <\/p>\n\n\n\n<p>Die Klassen sind so gew\u00e4hlt, dass jeder seine Klasse findet. Egal ob Einsteiger ohne Rennerfahrung oder Profi &#8211; einfach anmelden, vorbei kommen und sch\u00f6ne Rennsonntage bei uns in Greuthof verbringen! Allen Fahrern stehen wir mit Tipps und Tricks zur Seite &#8211; ideal also, um erste Rennerfahrungen zu sammeln. <\/p>\n\n\n\n<p>Auf dieser Seite sind alle Infos zum Sommer Cup \u00fcbersichtlich zusammengefasst. Bei Fragen, Unklarheiten oder Kritik bitte einfach auf uns zukommen und uns ansprechen. <\/p>\n\n\n\n<div class=\"wp-block-columns is-layout-flex wp-container-core-columns-is-layout-9d6595d7 wp-block-columns-is-layout-flex\">\n<div class=\"wp-block-column is-layout-flow wp-block-column-is-layout-flow\">\n<p style=\"font-size:17px\"><a href=\"https:\/\/www.myrcm.ch\/myrcm\/main?hId[1]=org&amp;dId[O]=61583&amp;pLa=de\" target=\"_blank\" rel=\"noreferrer noopener\">&gt;&gt;Nennung<\/a><\/p>\n<\/div>\n\n\n\n<div class=\"wp-block-column is-layout-flow wp-block-column-is-layout-flow\">\n<p style=\"font-size:17px\"><a href=\"https:\/\/www.rcmsc.de\/cms\/category\/neuigkeiten\/\">&gt;&gt;Rennberichte<\/a><\/p>\n<\/div>\n\n\n\n<div class=\"wp-block-column is-layout-flow wp-block-column-is-layout-flow\">\n<p style=\"font-size:17px\"><a href=\"https:\/\/www.rcmsc.de\/cms\/verein\/gastfahreranfahrt\/\">&gt;&gt;Gastfahrer in Greuthof<\/a><\/p>\n<\/div>\n<\/div>\n\n\n\n<h2 class=\"wp-block-heading\">\u00dcberblick \u00fcber den RC-MSC Sommer Cup 2026<\/h2>\n\n\n\n<figure class=\"wp-block-image size-full\"><a href=\"https:\/\/www.rcmsc.de\/cms\/wp-content\/uploads\/2026\/02\/Reglement_2026_V1_1-scaled.jpg\"><img loading=\"lazy\" decoding=\"async\" width=\"1810\" height=\"2560\" src=\"https:\/\/www.rcmsc.de\/cms\/wp-content\/uploads\/2026\/02\/Reglement_2026_V1_1-scaled.jpg\" alt=\"\" class=\"wp-image-4080\" srcset=\"https:\/\/www.rcmsc.de\/cms\/wp-content\/uploads\/2026\/02\/Reglement_2026_V1_1-scaled.jpg 1810w, https:\/\/www.rcmsc.de\/cms\/wp-content\/uploads\/2026\/02\/Reglement_2026_V1_1-212x300.jpg 212w, https:\/\/www.rcmsc.de\/cms\/wp-content\/uploads\/2026\/02\/Reglement_2026_V1_1-724x1024.jpg 724w, https:\/\/www.rcmsc.de\/cms\/wp-content\/uploads\/2026\/02\/Reglement_2026_V1_1-768x1086.jpg 768w, https:\/\/www.rcmsc.de\/cms\/wp-content\/uploads\/2026\/02\/Reglement_2026_V1_1-1086x1536.jpg 1086w, https:\/\/www.rcmsc.de\/cms\/wp-content\/uploads\/2026\/02\/Reglement_2026_V1_1-1448x2048.jpg 1448w\" sizes=\"auto, (max-width: 1810px) 100vw, 1810px\" \/><\/a><figcaption class=\"wp-element-caption\">Reglement 2026 &#8211; klicken zum Vergr\u00f6\u00dfern<\/figcaption><\/figure>\n\n\n\n<hr class=\"wp-block-separator has-css-opacity is-style-wide\"\/>\n\n\n\n<h3 class=\"wp-block-heading\">Zeitlicher Ablauf am Renntag<\/h3>\n\n\n\n<figure class=\"wp-block-table\"><table><tbody><tr><td class=\"has-text-align-center\" data-align=\"center\">8:00 Uhr<\/td><td class=\"has-text-align-center\" data-align=\"center\">Strecken\u00f6ffnung<\/td><\/tr><tr><td class=\"has-text-align-center\" data-align=\"center\">9:30 Uhr<\/td><td class=\"has-text-align-center\" data-align=\"center\">Fahrerbesprechung<\/td><\/tr><tr><td class=\"has-text-align-center\" data-align=\"center\">10:00 Uhr<\/td><td class=\"has-text-align-center\" data-align=\"center\">Start des ersten Vorlaufdurchgangs<\/td><\/tr><tr><td class=\"has-text-align-center\" data-align=\"center\">12:00 Uhr \u2013 12:45 Uhr<\/td><td class=\"has-text-align-center\" data-align=\"center\">Mittagspause<\/td><\/tr><tr><td class=\"has-text-align-center\" data-align=\"center\">12:45 Uhr<\/td><td class=\"has-text-align-center\" data-align=\"center\">Start des ersten Finaldurchgangs<\/td><\/tr><tr><td class=\"has-text-align-center\" data-align=\"center\">16:45 Uhr<\/td><td class=\"has-text-align-center\" data-align=\"center\">Veranstaltungsende<\/td><\/tr><\/tbody><\/table><\/figure>\n\n\n\n<hr class=\"wp-block-separator has-css-opacity is-style-wide\"\/>\n\n\n\n<h3 class=\"wp-block-heading\">Ausschreibung<\/h3>\n\n\n\n<p>Die Ausschreibung zum Sommer Cup 2025 in digitaler Form ist <a href=\"https:\/\/www.rcmsc.de\/cms\/wp-content\/uploads\/2026\/02\/Ausschreibung_SommerCup_2026_v1.pdf\">&gt;&gt;hier<\/a> als PDF Datei abrufbar.<\/p>\n\n\n\n<h3 class=\"wp-block-heading\">Anmeldung \/ Nennung<\/h3>\n\n\n\n<p>Genannt werden kann immer bis Freitagabend 23:59 Uhr vor einem Rennsonntag. Am besten und einfachsten online \u00fcber myrcm unter <a href=\"https:\/\/www.myrcm.ch\/myrcm\/main?hId[1]=org&amp;dId[O]=61583&amp;pLa=de\">https:\/\/www.myrcm.ch\/myrcm\/main?hId[1]=org&amp;dId[O]=61583&amp;pLa=de<\/a><br>Die Nenngeb\u00fchr kann am Renntag bar bezahlt werden.<\/p>\n\n\n\n<hr class=\"wp-block-separator has-css-opacity is-style-wide\"\/>\n\n\n\n<h3 class=\"wp-block-heading\">Rundenzeiten w\u00e4hrend des Trainings<\/h3>\n\n\n\n<p>Mittels der Mylaps Speedhive App f\u00fcr Android und Apple ger\u00e4te oder alternativ \u00fcber die Mylaps Webseite unter <a rel=\"noreferrer noopener\" href=\"https:\/\/speedhive.mylaps.com\/Practice\/3548\" target=\"_blank\">https:\/\/speedhive.mylaps.com\/Practice\/3548<\/a> lassen sich w\u00e4hrend des morgendlichen Trainings die eigenen Rundenzeiten einsehen. So stellt man direkt fest, ob eine \u00c4nderung am Fahrzeug den gew\u00fcnschten Geschwindigkeitszuwachs erbracht hat oder ob man in eine andere Richtung testen muss. <\/p>\n\n\n\n<h2 class=\"wp-block-heading\">Klassen im Detail<\/h2>\n\n\n\n<p>Ein paar Erl\u00e4uterungen zu den speziellen Punkten bzw. Vor- und Nachteilen der einzelnen Klassen. Aus einem Reglement ist nicht immer direkt ersichtlich, ob eine Klasse einem zusagt oder nicht. Das soll hiermit vereinfacht werden.<\/p>\n\n\n\n<h3 class=\"wp-block-heading\">GT LMH Cup<\/h3>\n\n\n\n<div class=\"wp-block-columns is-layout-flex wp-container-core-columns-is-layout-9d6595d7 wp-block-columns-is-layout-flex\">\n<div class=\"wp-block-column is-layout-flow wp-block-column-is-layout-flow\">\n<p>Freie Chassiswahl, RCK 17.5T oder Ruddog RP540 Motor, der auf eine Nenndrehzal von 19.500U\/min eingestellt wird und eine freie Reglerauswahl (EFRA Boost 0 \/ blinki) sorgen f\u00fcr Chancengleichheit und ein gr\u00f6\u00dferes Starterfeld. Sowohl Starter der RCK Kleinserie nach GT Sport als auch Fahrer der RCK GT Challenge k\u00f6nnen (fast) ohne \u00c4nderungen in dieser Klasse mitfahren.<br>Um die Chancengleichheit zu erh\u00f6hen ist der RCK-36A XLT als Einheitsreifen vorgeschrieben. Die Karosserieauswahl ist auf eine kleine aber feine Zusammenstellung optisch ansprechender GT und LMH Karosserien beschr\u00e4nkt.<br>Wir wollen mit dieser Klasse eine Plattform bieten, die zu \u00fcberschaubaren Kosten niemanden ausschlie\u00dft und ein Material-Wettr\u00fcsten dennoch wirksam unterbindet.<\/p>\n<\/div>\n\n\n\n<div class=\"wp-block-column is-layout-flow wp-block-column-is-layout-flow\">\n<figure class=\"wp-block-image size-large\"><img loading=\"lazy\" decoding=\"async\" width=\"1200\" height=\"900\" src=\"https:\/\/www.rcmsc.de\/cms\/wp-content\/uploads\/2024\/02\/3B0528B1-AA4E-4F74-8875-A0B3163A697E-1200x900.jpg\" alt=\"\" class=\"wp-image-3363\" srcset=\"https:\/\/www.rcmsc.de\/cms\/wp-content\/uploads\/2024\/02\/3B0528B1-AA4E-4F74-8875-A0B3163A697E-1200x900.jpg 1200w, https:\/\/www.rcmsc.de\/cms\/wp-content\/uploads\/2024\/02\/3B0528B1-AA4E-4F74-8875-A0B3163A697E-300x225.jpg 300w, https:\/\/www.rcmsc.de\/cms\/wp-content\/uploads\/2024\/02\/3B0528B1-AA4E-4F74-8875-A0B3163A697E-768x576.jpg 768w, https:\/\/www.rcmsc.de\/cms\/wp-content\/uploads\/2024\/02\/3B0528B1-AA4E-4F74-8875-A0B3163A697E.jpg 1440w\" sizes=\"auto, (max-width: 1200px) 100vw, 1200px\" \/><\/figure>\n<\/div>\n<\/div>\n\n\n\n<h3 class=\"wp-block-heading\">Tourenwagen 17.5T<\/h3>\n\n\n\n<div class=\"wp-block-columns is-layout-flex wp-container-core-columns-is-layout-9d6595d7 wp-block-columns-is-layout-flex\">\n<div class=\"wp-block-column is-layout-flow wp-block-column-is-layout-flow\">\n<p>Unser Klassenangebot f\u00fcr echte Racer! Mit modernem Material wird um die letzten Zehntel gek\u00e4mpft. Die Motorenauswahl nach EFRA Liste, Zero-Boost-Regler ohne Powersoftware und eine festgelegte Untersetzung bieten Chancengleichheit und einen gro\u00dfen Teilnehmerkreis gleicherma\u00dfen. Quasi alle in den letzten Jahren im Wettbewerb eingesetzten Motoren stehen auf der EFRA Liste und d\u00fcrfen somit gefahren werden.<\/p>\n\n\n\n<p>Die freie Chassis und Reifenauswahl schlie\u00dft niemanden aus und erlaubt, mit brandaktueller Technik RC-Modellsport auf h\u00f6chstem Niveau zu betreiben. Auch bei der Karosserieauswahl herrscht keine Einschr\u00e4nkung solange es sich um eine Tourenwagenkarosserie handelt.<\/p>\n\n\n\n<p><a href=\"http:\/\/www.rcmsc.de\/cms\/wp-content\/uploads\/2012\/gal_vm2_2012\/content\/images\/large\/IMG_6606.jpg\"><\/a><\/p>\n<\/div>\n\n\n\n<div class=\"wp-block-column is-layout-flow wp-block-column-is-layout-flow\">\n<figure class=\"wp-block-image size-large\"><img loading=\"lazy\" decoding=\"async\" width=\"1200\" height=\"800\" src=\"https:\/\/www.rcmsc.de\/cms\/wp-content\/uploads\/2021\/09\/2021-09-12_DSCF4527-1200x800.jpg\" alt=\"\" class=\"wp-image-2376\" srcset=\"https:\/\/www.rcmsc.de\/cms\/wp-content\/uploads\/2021\/09\/2021-09-12_DSCF4527-1200x800.jpg 1200w, https:\/\/www.rcmsc.de\/cms\/wp-content\/uploads\/2021\/09\/2021-09-12_DSCF4527-300x200.jpg 300w, https:\/\/www.rcmsc.de\/cms\/wp-content\/uploads\/2021\/09\/2021-09-12_DSCF4527-768x512.jpg 768w, https:\/\/www.rcmsc.de\/cms\/wp-content\/uploads\/2021\/09\/2021-09-12_DSCF4527.jpg 1500w\" sizes=\"auto, (max-width: 1200px) 100vw, 1200px\" \/><\/figure>\n<\/div>\n<\/div>\n\n\n\n<h3 class=\"wp-block-heading\">1:8GT<\/h3>\n\n\n\n<div class=\"wp-block-columns is-layout-flex wp-container-core-columns-is-layout-9d6595d7 wp-block-columns-is-layout-flex\">\n<div class=\"wp-block-column is-layout-flow wp-block-column-is-layout-flow\">\n<p>Seit vorletztem Jahr neu mit dabei &#8211; eine Klasse f\u00fcr elektrisch angetriebene GT Fahrzeuge im Ma\u00dfstab 1:8. Seit einiger Zeit erfreuen sich die Chassis bei uns gro\u00dfer Beliebtheit und so war es nur logisch, die Klasse mit in den Sommer Cup aufzunehmen. Mit 4S Lipos angetrieben und dem deutlich gr\u00f6\u00dferen Erscheinungsbild verglichen zu 1:10 Fahrzeugen ist die Klasse auch optisch eine absolute Augenweide. Beim Reglement sind wir sehr offen unterwegs und schreiben kein Einheitsmaterial vor. Jeder kann fahren, was in der Kiste liegt.<\/p>\n<\/div>\n\n\n\n<div class=\"wp-block-column is-layout-flow wp-block-column-is-layout-flow\">\n<figure class=\"wp-block-image size-large\"><img loading=\"lazy\" decoding=\"async\" width=\"1024\" height=\"683\" src=\"https:\/\/www.rcmsc.de\/cms\/wp-content\/uploads\/2019\/09\/DSCF3242-1024x683.jpg\" alt=\"\" class=\"wp-image-2142\" srcset=\"https:\/\/www.rcmsc.de\/cms\/wp-content\/uploads\/2019\/09\/DSCF3242-1024x683.jpg 1024w, https:\/\/www.rcmsc.de\/cms\/wp-content\/uploads\/2019\/09\/DSCF3242-300x200.jpg 300w, https:\/\/www.rcmsc.de\/cms\/wp-content\/uploads\/2019\/09\/DSCF3242-768x512.jpg 768w, https:\/\/www.rcmsc.de\/cms\/wp-content\/uploads\/2019\/09\/DSCF3242-520x346.jpg 520w, https:\/\/www.rcmsc.de\/cms\/wp-content\/uploads\/2019\/09\/DSCF3242-260x173.jpg 260w, https:\/\/www.rcmsc.de\/cms\/wp-content\/uploads\/2019\/09\/DSCF3242.jpg 1200w\" sizes=\"auto, (max-width: 1024px) 100vw, 1024px\" \/><\/figure>\n<\/div>\n<\/div>\n\n\n\n<h3 class=\"wp-block-heading\">Fronti<\/h3>\n\n\n\n<div class=\"wp-block-columns is-layout-flex wp-container-core-columns-is-layout-9d6595d7 wp-block-columns-is-layout-flex\">\n<div class=\"wp-block-column is-layout-flow wp-block-column-is-layout-flow\">\n<p>Angelehnt an die RCK FWD Challenge kommt die Fronti Klasse zur\u00fcck. RCK 17.5T Motor, RCK-36A XLT Einheitsreifen, freie Reglerwahl (EFRA Boost 0) und eine beschr\u00e4nkte Karosserieauswahl verhindern Wettr\u00fcsten und erm\u00f6glichen die Teilnahme direkt mit dem RCK FWD Fahrzeug. <br>Die Geschwindigkeit \u00fcberfordert nicht, sorgt aber dennoch f\u00fcr spannende Rennen. <br>Wir hatten Fronti schon einmal im Reglement, jedoch aufgrund geringer Teilnehmerzahlen wieder herausgenommen. <br>Jetzt kehrt die Fronti Klasse zur\u00fcck und hofft auf mehr Zuspruch als beim letzen Mal. <\/p>\n<\/div>\n\n\n\n<div class=\"wp-block-column is-layout-flow wp-block-column-is-layout-flow\">\n<figure class=\"wp-block-image size-large\"><img loading=\"lazy\" decoding=\"async\" width=\"1200\" height=\"800\" src=\"https:\/\/www.rcmsc.de\/cms\/wp-content\/uploads\/2025\/06\/2025-06-01_15-50-20-1200x800.jpg\" alt=\"\" class=\"wp-image-3892\" srcset=\"https:\/\/www.rcmsc.de\/cms\/wp-content\/uploads\/2025\/06\/2025-06-01_15-50-20-1200x800.jpg 1200w, https:\/\/www.rcmsc.de\/cms\/wp-content\/uploads\/2025\/06\/2025-06-01_15-50-20-300x200.jpg 300w, https:\/\/www.rcmsc.de\/cms\/wp-content\/uploads\/2025\/06\/2025-06-01_15-50-20-768x512.jpg 768w, https:\/\/www.rcmsc.de\/cms\/wp-content\/uploads\/2025\/06\/2025-06-01_15-50-20-1536x1024.jpg 1536w, https:\/\/www.rcmsc.de\/cms\/wp-content\/uploads\/2025\/06\/2025-06-01_15-50-20.jpg 2000w\" sizes=\"auto, (max-width: 1200px) 100vw, 1200px\" \/><\/figure>\n<\/div>\n<\/div>\n\n\n\n<h2 class=\"wp-block-heading\">Impressionen<\/h2>\n\n\n\n<figure class=\"wp-block-image size-large\"><img loading=\"lazy\" decoding=\"async\" width=\"1200\" height=\"900\" src=\"https:\/\/www.rcmsc.de\/cms\/wp-content\/uploads\/2021\/09\/IMG_20210919_160307-1200x900.jpg\" alt=\"\" class=\"wp-image-2438\" srcset=\"https:\/\/www.rcmsc.de\/cms\/wp-content\/uploads\/2021\/09\/IMG_20210919_160307-1200x900.jpg 1200w, https:\/\/www.rcmsc.de\/cms\/wp-content\/uploads\/2021\/09\/IMG_20210919_160307-300x225.jpg 300w, https:\/\/www.rcmsc.de\/cms\/wp-content\/uploads\/2021\/09\/IMG_20210919_160307-768x576.jpg 768w, https:\/\/www.rcmsc.de\/cms\/wp-content\/uploads\/2021\/09\/IMG_20210919_160307-520x390.jpg 520w, https:\/\/www.rcmsc.de\/cms\/wp-content\/uploads\/2021\/09\/IMG_20210919_160307-260x195.jpg 260w, https:\/\/www.rcmsc.de\/cms\/wp-content\/uploads\/2021\/09\/IMG_20210919_160307.jpg 1500w\" sizes=\"auto, (max-width: 1200px) 100vw, 1200px\" \/><\/figure>\n\n\n\n<figure class=\"wp-block-image size-large\"><img loading=\"lazy\" decoding=\"async\" width=\"1200\" height=\"900\" src=\"https:\/\/www.rcmsc.de\/cms\/wp-content\/uploads\/2021\/09\/IMG_20210919_160132-1200x900.jpg\" alt=\"\" class=\"wp-image-2454\" srcset=\"https:\/\/www.rcmsc.de\/cms\/wp-content\/uploads\/2021\/09\/IMG_20210919_160132-1200x900.jpg 1200w, https:\/\/www.rcmsc.de\/cms\/wp-content\/uploads\/2021\/09\/IMG_20210919_160132-300x225.jpg 300w, https:\/\/www.rcmsc.de\/cms\/wp-content\/uploads\/2021\/09\/IMG_20210919_160132-768x576.jpg 768w, https:\/\/www.rcmsc.de\/cms\/wp-content\/uploads\/2021\/09\/IMG_20210919_160132.jpg 1500w\" sizes=\"auto, (max-width: 1200px) 100vw, 1200px\" \/><\/figure>\n\n\n\n<figure class=\"wp-block-image size-large\"><img loading=\"lazy\" decoding=\"async\" width=\"1024\" height=\"683\" src=\"https:\/\/www.rcmsc.de\/cms\/wp-content\/uploads\/2021\/08\/DSCF3305-1024x683.jpg\" alt=\"\" class=\"wp-image-2123\" srcset=\"https:\/\/www.rcmsc.de\/cms\/wp-content\/uploads\/2021\/08\/DSCF3305-1024x683.jpg 1024w, https:\/\/www.rcmsc.de\/cms\/wp-content\/uploads\/2021\/08\/DSCF3305-300x200.jpg 300w, https:\/\/www.rcmsc.de\/cms\/wp-content\/uploads\/2021\/08\/DSCF3305-768x512.jpg 768w, https:\/\/www.rcmsc.de\/cms\/wp-content\/uploads\/2021\/08\/DSCF3305.jpg 1200w\" sizes=\"auto, (max-width: 1024px) 100vw, 1024px\" \/><\/figure>\n","protected":false},"excerpt":{"rendered":"<p>Auch in diesem Jahr richten wir neben den gr\u00f6\u00dferen Rennveranstaltungen wieder unsere eigene kleine Rennserie in Greuthof aus. \u00dcber den Sommer verteilt finden an 4 Sonntagen Rennen zum RC-MSC Greuthof Sommer Cup statt. Die Rennen werden als Meisterschaftsl\u00e4ufe gewertet &#8211; somit steht nach dem &hellip; <a class=\"kt-excerpt-readmore\" href=\"https:\/\/www.rcmsc.de\/cms\/vereinsmeisterschaft\/\" aria-label=\"Sommer Cup 2026\">Weiterlesen<\/a><\/p>\n","protected":false},"author":2,"featured_media":0,"parent":0,"menu_order":0,"comment_status":"closed","ping_status":"closed","template":"","meta":{"kt_blocks_editor_width":"","footnotes":""},"class_list":["post-1491","page","type-page","status-publish","hentry"],"_links":{"self":[{"href":"https:\/\/www.rcmsc.de\/cms\/wp-json\/wp\/v2\/pages\/1491","targetHints":{"allow":["GET"]}}],"collection":[{"href":"https:\/\/www.rcmsc.de\/cms\/wp-json\/wp\/v2\/pages"}],"about":[{"href":"https:\/\/www.rcmsc.de\/cms\/wp-json\/wp\/v2\/types\/page"}],"author":[{"embeddable":true,"href":"https:\/\/www.rcmsc.de\/cms\/wp-json\/wp\/v2\/users\/2"}],"replies":[{"embeddable":true,"href":"https:\/\/www.rcmsc.de\/cms\/wp-json\/wp\/v2\/comments?post=1491"}],"version-history":[{"count":30,"href":"https:\/\/www.rcmsc.de\/cms\/wp-json\/wp\/v2\/pages\/1491\/revisions"}],"predecessor-version":[{"id":4083,"href":"https:\/\/www.rcmsc.de\/cms\/wp-json\/wp\/v2\/pages\/1491\/revisions\/4083"}],"wp:attachment":[{"href":"https:\/\/www.rcmsc.de\/cms\/wp-json\/wp\/v2\/media?parent=1491"}],"curies":[{"name":"wp","href":"https:\/\/api.w.org\/{rel}","templated":true}]}}